{"id":106548,"date":"2022-05-26T16:35:56","date_gmt":"2022-05-26T16:35:56","guid":{"rendered":"http:\/\/jordil3.sg-host.com\/tega-actius-industrials\/serveis-actius-industrials\/valoracio-de-metalls\/"},"modified":"2026-04-21T18:49:10","modified_gmt":"2026-04-21T18:49:10","slug":"valoracio-de-metalls","status":"publish","type":"page","link":"https:\/\/www.tega.es\/ca\/tega-actius-industrials\/serveis-actius-industrials\/valoracio-de-metalls\/","title":{"rendered":"Valoraci\u00f3 de metalls"},"content":{"rendered":"<p>[et_pb_section fb_built=&#8221;1&#8243; admin_label=&#8221;Fila Linea color Header&#8221; _builder_version=&#8221;4.17.4&#8243; _module_preset=&#8221;default&#8221; custom_margin=&#8221;||0px||false|false&#8221; custom_padding=&#8221;||0px||false|false&#8221; global_module=&#8221;106144&#8243; saved_tabs=&#8221;all&#8221; global_colors_info=&#8221;{}&#8221;][et_pb_row admin_label=&#8221; Fila Linea color Header&#8221; _builder_version=&#8221;4.16&#8243; _module_preset=&#8221;default&#8221; width=&#8221;90%&#8221; max_width=&#8221;90%&#8221; module_alignment=&#8221;right&#8221; custom_margin=&#8221;10px||||false|false&#8221; custom_padding=&#8221;0px||||false|false&#8221; collapsed=&#8221;on&#8221; global_colors_info=&#8221;{}&#8221;][et_pb_column type=&#8221;4_4&#8243; _builder_version=&#8221;4.16&#8243; _module_preset=&#8221;default&#8221; global_colors_info=&#8221;{}&#8221;][et_pb_code _builder_version=&#8221;4.17.4&#8243; _module_preset=&#8221;default&#8221; global_colors_info=&#8221;{}&#8221;]\u00a0<\/p>\n<style>.clsd-1{fill:#004a87;}.clsd-2{fill:#00a0df;}.clsd-3{fill:#6ac3e9;}<\/style>\n<p>\u00a0[\/et_pb_code][\/et_pb_column][\/et_pb_row][\/et_pb_section][et_pb_section fb_built=&#8221;1&#8243; _builder_version=&#8221;4.17.4&#8243; _module_preset=&#8221;default&#8221; custom_margin=&#8221;0px||||false|false&#8221; custom_padding=&#8221;0px||7px||false|false&#8221; global_colors_info=&#8221;{}&#8221;][et_pb_row _builder_version=&#8221;4.16&#8243; _module_preset=&#8221;default&#8221; custom_margin=&#8221;||0px||false|false&#8221; custom_padding=&#8221;||0px||false|false&#8221; global_colors_info=&#8221;{}&#8221;][et_pb_column type=&#8221;4_4&#8243; _builder_version=&#8221;4.16&#8243; _module_preset=&#8221;default&#8221; global_colors_info=&#8221;{}&#8221;][et_pb_text admin_label=&#8221;Texto&#8221; _builder_version=&#8221;4.16&#8243; _module_preset=&#8221;default&#8221; text_font=&#8221;Open Sans|700||on|||||&#8221; text_text_color=&#8221;#c1c1c1&#8243; text_font_size=&#8221;18px&#8221; text_line_height=&#8221;1.2em&#8221; text_orientation=&#8221;center&#8221; custom_margin=&#8221;||0px||false|false&#8221; custom_padding=&#8221;||10px||false|false&#8221; global_colors_info=&#8221;{}&#8221;]Els nostres serveis[\/et_pb_text][et_pb_text admin_label=&#8221;Tit&#8221; _builder_version=&#8221;4.17.4&#8243; _module_preset=&#8221;default&#8221; header_font=&#8221;|800|||||||&#8221; header_text_align=&#8221;center&#8221; header_text_color=&#8221;#000000&#8243; header_font_size=&#8221;40px&#8221; header_font_size_tablet=&#8221;35px&#8221; header_font_size_phone=&#8221;28px&#8221; header_font_size_last_edited=&#8221;on|tablet&#8221; global_colors_info=&#8221;{}&#8221;]<\/p>\n<h1>Valoraci\u00f3 de metalls<\/h1>\n<p>[\/et_pb_text][et_pb_text admin_label=&#8221;Subtit&#8221; _builder_version=&#8221;4.17.4&#8243; _module_preset=&#8221;default&#8221; header_font=&#8221;||||||||&#8221; header_2_text_align=&#8221;center&#8221; header_2_font_size=&#8221;18px&#8221; header_2_line_height=&#8221;1.3em&#8221; width=&#8221;70%&#8221; width_tablet=&#8221;70%&#8221; width_phone=&#8221;98%&#8221; width_last_edited=&#8221;on|phone&#8221; module_alignment=&#8221;center&#8221; header_font_size_tablet=&#8221;35px&#8221; header_font_size_phone=&#8221;28px&#8221; header_font_size_last_edited=&#8221;off|desktop&#8221; global_colors_info=&#8221;{}&#8221;]<\/p>\n<h2>Transport, gesti\u00f3 i eliminaci\u00f3 de residus industrials. Reciclatge i recuperaci\u00f3 de metalls i cablejat.<\/h2>\n<p>[\/et_pb_text][et_pb_button button_url=&#8221;@ET-DC@eyJkeW5hbWljIjp0cnVlLCJjb250ZW50IjoicG9zdF9saW5rX3VybF9wYWdlIiwic2V0dGluZ3MiOnsicG9zdF9pZCI6IjEwNjExOCJ9fQ==@&#8221; button_text=&#8221; Consulta&#8217;ns&#8221; button_alignment=&#8221;center&#8221; _builder_version=&#8221;4.17.4&#8243; _dynamic_attributes=&#8221;button_url&#8221; _module_preset=&#8221;default&#8221; custom_button=&#8221;on&#8221; button_text_color=&#8221;#00A0DF&#8221; button_border_color=&#8221;#00A0DF&#8221; global_colors_info=&#8221;{}&#8221;][\/et_pb_button][et_pb_image src=&#8221;https:\/\/www.tega.es\/wp-content\/uploads\/2022\/06\/Valoracio\u0301n_metales.jpg&#8221; title_text=&#8221;Valoraci\u00f3_metalls&#8221; align=&#8221;center&#8221; _builder_version=&#8221;4.17.4&#8243; _module_preset=&#8221;default&#8221; global_colors_info=&#8221;{}&#8221;][\/et_pb_image][\/et_pb_column][\/et_pb_row][\/et_pb_section][et_pb_section fb_built=&#8221;1&#8243; admin_label=&#8221;Secci\u00f3n Texto contenido&#8221; _builder_version=&#8221;4.16&#8243; _module_preset=&#8221;default&#8221; custom_margin=&#8221;0px||||false|false&#8221; custom_padding=&#8221;10px||18px||false|false&#8221; collapsed=&#8221;off&#8221; global_colors_info=&#8221;{}&#8221;][et_pb_row column_structure=&#8221;1_2,1_2&#8243; _builder_version=&#8221;4.16&#8243; _module_preset=&#8221;default&#8221; global_colors_info=&#8221;{}&#8221;][et_pb_column type=&#8221;1_2&#8243; _builder_version=&#8221;4.16&#8243; _module_preset=&#8221;default&#8221; global_colors_info=&#8221;{}&#8221;][et_pb_text _builder_version=&#8221;4.17.4&#8243; _module_preset=&#8221;default&#8221; global_colors_info=&#8221;{}&#8221;]Una de les activitats principals de TEGA se centra en la compravenda de ferralla i metalls (ferro, alumini, acer, coure, llaut\u00f3,\u2026), assegurant els millors preus, m\u00e0xima serietat i transpar\u00e8ncia.<\/p>\n<p>Mitjan\u00e7ant la seva flota de vehicles i contenidors de diferents capacitats i caracter\u00edstiques, TEGA ofereix els serveis de recollida i transport de residus no especials i especials, garantint-ne la correcta gesti\u00f3 i\/o eliminaci\u00f3.[\/et_pb_text][\/et_pb_column][et_pb_column type=&#8221;1_2&#8243; _builder_version=&#8221;4.16&#8243; _module_preset=&#8221;default&#8221; global_colors_info=&#8221;{}&#8221;][et_pb_text _builder_version=&#8221;4.17.4&#8243; _module_preset=&#8221;default&#8221; global_colors_info=&#8221;{}&#8221;]<\/p>\n<div class=\"wpb_text_column wpb_content_element \">\n<div class=\"wpb_wrapper\">\n<p>Disposa de totes les autoritzacions necess\u00e0ries per al transport i gesti\u00f3 de materials i\/o residus, acreditats per l&#8217;Ag\u00e8ncia de residus de Catalunya, amb les autoritzacions corresponents com a transportistes amb codi T-2244 i com a gestor amb codi E-1556.15. <\/p>\n<\/div>\n<\/div>\n<p>[\/et_pb_text][\/et_pb_column][\/et_pb_row][et_pb_row _builder_version=&#8221;4.16&#8243; _module_preset=&#8221;default&#8221; global_colors_info=&#8221;{}&#8221;][et_pb_column type=&#8221;4_4&#8243; _builder_version=&#8221;4.16&#8243; _module_preset=&#8221;default&#8221; global_colors_info=&#8221;{}&#8221;][et_pb_button button_url=&#8221;@ET-DC@eyJkeW5hbWljIjp0cnVlLCJjb250ZW50IjoicG9zdF9saW5rX3VybF9wYWdlIiwic2V0dGluZ3MiOnsicG9zdF9pZCI6IjEwNjExOCJ9fQ==@&#8221; button_text=&#8221;Pressupostos personalitzats&#8221; button_alignment=&#8221;center&#8221; _builder_version=&#8221;4.17.4&#8243; _dynamic_attributes=&#8221;button_url&#8221; _module_preset=&#8221;default&#8221; custom_button=&#8221;on&#8221; button_text_color=&#8221;#00A0DF&#8221; button_border_color=&#8221;#00A0DF&#8221; global_colors_info=&#8221;{}&#8221;][\/et_pb_button][\/et_pb_column][\/et_pb_row][\/et_pb_section][et_pb_section fb_built=&#8221;1&#8243; admin_label=&#8221;Secci\u00f3n Fotos&#8221; _builder_version=&#8221;4.17.4&#8243; _module_preset=&#8221;default&#8221; custom_margin=&#8221;0px||||false|false&#8221; custom_padding=&#8221;0px||||false|false&#8221; collapsed=&#8221;on&#8221; global_colors_info=&#8221;{}&#8221;][et_pb_row _builder_version=&#8221;4.16&#8243; _module_preset=&#8221;default&#8221; width=&#8221;95%&#8221; max_width=&#8221;95%&#8221; global_colors_info=&#8221;{}&#8221;][et_pb_column type=&#8221;4_4&#8243; _builder_version=&#8221;4.16&#8243; _module_preset=&#8221;default&#8221; global_colors_info=&#8221;{}&#8221;][wdcl_image_carousel animation_speed=&#8221;3200ms&#8221; slide_spacing=&#8221;2px&#8221; is_auto_height=&#8221;on&#8221; slide_to_scroll=&#8221;2&#8243; is_center=&#8221;on&#8221; center_mode_type=&#8221;highlighted&#8221; custom_cursor=&#8221;on&#8221; arrow_bg=&#8221;rgba(221,221,221,0.4)&#8221; use_lightbox=&#8221;on&#8221; _builder_version=&#8221;4.17.4&#8243; _module_preset=&#8221;default&#8221; hover_enabled=&#8221;0&#8243; global_colors_info=&#8221;{}&#8221; sticky_enabled=&#8221;0&#8243;][wdcl_image_carousel_child photo=&#8221;https:\/\/www.tega.es\/wp-content\/uploads\/2022\/06\/TEGA-valoracion-metales1.jpg&#8221; title=&#8221; &#8221; sub_title=&#8221; &#8221; content_alignment=&#8221;center&#8221; overlay_bg_color=&#8221;RGBA(255,255,255,0)&#8221; _builder_version=&#8221;4.17.4&#8243; _module_preset=&#8221;default&#8221; title_font=&#8221;|700|||||||&#8221; mix_blend_mode=&#8221;overlay&#8221; hover_enabled=&#8221;0&#8243; global_colors_info=&#8221;{}&#8221; transform_styles__hover_enabled=&#8221;on|hover&#8221; transform_scale__hover_enabled=&#8221;on|hover&#8221; transform_translate__hover_enabled=&#8221;on|desktop&#8221; transform_rotate__hover_enabled=&#8221;on|desktop&#8221; transform_skew__hover_enabled=&#8221;on|desktop&#8221; transform_origin__hover_enabled=&#8221;on|desktop&#8221; transform_scale__hover=&#8221;108%|108%&#8221; overlay_bg_color__hover_enabled=&#8221;on|desktop&#8221; overlay_bg_color__hover=&#8221;RGBA(255,255,255,0)&#8221; overlay_bg_enable_color__hover=&#8221;on&#8221; alt=&#8221;Tega Valoraci\u00f3n de metales&#8221; title_text=&#8221;Tega Valoraci\u00f3n de metales&#8221; sticky_enabled=&#8221;0&#8243;][\/wdcl_image_carousel_child][wdcl_image_carousel_child photo=&#8221;https:\/\/www.tega.es\/wp-content\/uploads\/2022\/06\/TEGA-valoracion-metales2.jpg&#8221; title=&#8221; &#8221; sub_title=&#8221; &#8221; content_alignment=&#8221;center&#8221; overlay_bg_color=&#8221;RGBA(255,255,255,0)&#8221; _builder_version=&#8221;4.17.4&#8243; _module_preset=&#8221;default&#8221; title_font=&#8221;|700|||||||&#8221; mix_blend_mode=&#8221;overlay&#8221; hover_enabled=&#8221;0&#8243; global_colors_info=&#8221;{}&#8221; transform_styles__hover_enabled=&#8221;on|hover&#8221; transform_scale__hover_enabled=&#8221;on|hover&#8221; transform_translate__hover_enabled=&#8221;on|desktop&#8221; transform_rotate__hover_enabled=&#8221;on|desktop&#8221; transform_skew__hover_enabled=&#8221;on|desktop&#8221; transform_origin__hover_enabled=&#8221;on|desktop&#8221; transform_scale__hover=&#8221;108%|108%&#8221; overlay_bg_color__hover_enabled=&#8221;on|desktop&#8221; overlay_bg_color__hover=&#8221;RGBA(255,255,255,0)&#8221; overlay_bg_enable_color__hover=&#8221;on&#8221; alt=&#8221;Tega Valoraci\u00f3n de metales&#8221; title_text=&#8221;Tega Valoraci\u00f3n de metales&#8221; sticky_enabled=&#8221;0&#8243;][\/wdcl_image_carousel_child][wdcl_image_carousel_child photo=&#8221;https:\/\/www.tega.es\/wp-content\/uploads\/2022\/06\/TEGA-valoracion-metales3.jpg&#8221; title=&#8221; &#8221; sub_title=&#8221; &#8221; content_alignment=&#8221;center&#8221; overlay_bg_color=&#8221;RGBA(255,255,255,0)&#8221; _builder_version=&#8221;4.17.4&#8243; _module_preset=&#8221;default&#8221; title_font=&#8221;|700|||||||&#8221; mix_blend_mode=&#8221;overlay&#8221; hover_enabled=&#8221;0&#8243; global_colors_info=&#8221;{}&#8221; transform_styles__hover_enabled=&#8221;on|hover&#8221; transform_scale__hover_enabled=&#8221;on|hover&#8221; transform_translate__hover_enabled=&#8221;on|desktop&#8221; transform_rotate__hover_enabled=&#8221;on|desktop&#8221; transform_skew__hover_enabled=&#8221;on|desktop&#8221; transform_origin__hover_enabled=&#8221;on|desktop&#8221; transform_scale__hover=&#8221;108%|108%&#8221; overlay_bg_color__hover_enabled=&#8221;on|desktop&#8221; overlay_bg_color__hover=&#8221;RGBA(255,255,255,0)&#8221; overlay_bg_enable_color__hover=&#8221;on&#8221; alt=&#8221;Tega Valoraci\u00f3n de metales&#8221; title_text=&#8221;Tega Valoraci\u00f3n de metalesTEGA-valoracion-metales3&#8243; sticky_enabled=&#8221;0&#8243;][\/wdcl_image_carousel_child][wdcl_image_carousel_child photo=&#8221;https:\/\/www.tega.es\/wp-content\/uploads\/2022\/06\/TEGA-valoracion-metales4.jpg&#8221; title=&#8221; &#8221; sub_title=&#8221; &#8221; content_alignment=&#8221;center&#8221; overlay_bg_color=&#8221;RGBA(255,255,255,0)&#8221; _builder_version=&#8221;4.17.4&#8243; _module_preset=&#8221;default&#8221; title_font=&#8221;|700|||||||&#8221; mix_blend_mode=&#8221;overlay&#8221; hover_enabled=&#8221;0&#8243; global_colors_info=&#8221;{}&#8221; transform_styles__hover_enabled=&#8221;on|hover&#8221; transform_scale__hover_enabled=&#8221;on|hover&#8221; transform_translate__hover_enabled=&#8221;on|desktop&#8221; transform_rotate__hover_enabled=&#8221;on|desktop&#8221; transform_skew__hover_enabled=&#8221;on|desktop&#8221; transform_origin__hover_enabled=&#8221;on|desktop&#8221; transform_scale__hover=&#8221;108%|108%&#8221; overlay_bg_color__hover_enabled=&#8221;on|desktop&#8221; overlay_bg_color__hover=&#8221;RGBA(255,255,255,0)&#8221; overlay_bg_enable_color__hover=&#8221;on&#8221; alt=&#8221;Tega Valoraci\u00f3n de metales&#8221; title_text=&#8221;Tega Valoraci\u00f3n de metalesTEGA-valoracion-metales4&#8243; sticky_enabled=&#8221;0&#8243;][\/wdcl_image_carousel_child][\/wdcl_image_carousel][\/et_pb_column][\/et_pb_row][\/et_pb_section][et_pb_section fb_built=&#8221;1&#8243; prev_background_color=&#8221;#ffffff&#8221; admin_label=&#8221;Secci\u00f3n Publicidad Activos Industriales&#8221; _builder_version=&#8221;4.17.4&#8243; _module_preset=&#8221;default&#8221; background_color=&#8221;#FFFFFF&#8221; background_enable_color=&#8221;off&#8221; background_image=&#8221;https:\/\/www.tega.es\/wp-content\/uploads\/2022\/05\/fondo_filaPubli_activos.jpg&#8221; parallax=&#8221;on&#8221; background_blend=&#8221;overlay&#8221; top_divider_style=&#8221;wave2&#8243; top_divider_height=&#8221;94px&#8221; bottom_divider_style=&#8221;wave2&#8243; bottom_divider_color=&#8221;#FFFFFF&#8221; bottom_divider_height=&#8221;123px&#8221; global_module=&#8221;106131&#8243; saved_tabs=&#8221;all&#8221; collapsed=&#8221;on&#8221; global_colors_info=&#8221;{}&#8221;][et_pb_row column_structure=&#8221;1_2,1_2&#8243; _builder_version=&#8221;4.16&#8243; _module_preset=&#8221;default&#8221; global_colors_info=&#8221;{}&#8221;][et_pb_column type=&#8221;1_2&#8243; _builder_version=&#8221;4.16&#8243; _module_preset=&#8221;default&#8221; global_colors_info=&#8221;{}&#8221;][\/et_pb_column][et_pb_column type=&#8221;1_2&#8243; _builder_version=&#8221;4.16&#8243; _module_preset=&#8221;default&#8221; global_colors_info=&#8221;{}&#8221;][et_pb_divider show_divider=&#8221;off&#8221; disabled_on=&#8221;on|off|off&#8221; _builder_version=&#8221;4.16&#8243; _module_preset=&#8221;default&#8221; custom_padding=&#8221;30px||||false|false&#8221; global_colors_info=&#8221;{}&#8221;][\/et_pb_divider][et_pb_text _builder_version=&#8221;4.17.4&#8243; _module_preset=&#8221;default&#8221; text_font=&#8221;|700|||||||&#8221; text_font_size=&#8221;18px&#8221; text_line_height=&#8221;1.5em&#8221; header_2_font=&#8221;|800|||||||&#8221; header_2_font_size=&#8221;36px&#8221; header_2_line_height=&#8221;1.3em&#8221; background_layout=&#8221;dark&#8221; custom_margin=&#8221;0px||0px||false|false&#8221; custom_padding=&#8221;0px||0px||false|false&#8221; header_2_text_align_tablet=&#8221;&#8221; header_2_text_align_phone=&#8221;center&#8221; header_2_text_align_last_edited=&#8221;on|phone&#8221; header_2_font_size_tablet=&#8221;&#8221; header_2_font_size_phone=&#8221;29px&#8221; header_2_font_size_last_edited=&#8221;on|phone&#8221; header_2_text_shadow_style=&#8221;preset1&#8243; header_2_text_shadow_horizontal_length=&#8221;0.08em&#8221; header_2_text_shadow_blur_strength=&#8221;0.16em&#8221; global_colors_info=&#8221;{}&#8221;]<\/p>\n<h2>Tega Actiu Industrials<\/h2>\n<p>[\/et_pb_text][et_pb_text _builder_version=&#8221;4.17.4&#8243; _module_preset=&#8221;default&#8221; text_font=&#8221;|700|||||||&#8221; text_font_size=&#8221;21px&#8221; text_line_height=&#8221;1.5em&#8221; header_2_font=&#8221;|800|||||||&#8221; header_2_font_size=&#8221;35px&#8221; background_layout=&#8221;dark&#8221; custom_margin=&#8221;0px||||false|false&#8221; text_orientation_tablet=&#8221;&#8221; text_orientation_phone=&#8221;center&#8221; text_orientation_last_edited=&#8221;on|phone&#8221; text_text_shadow_style=&#8221;preset1&#8243; text_text_shadow_color=&#8221;rgba(0,0,0,0.86)&#8221; global_colors_info=&#8221;{}&#8221;]<\/p>\n<p>Especialitzada en desmuntatges integrals d&#8217;instal\u00b7lacions industrials, valoraci\u00f3 de l\u00ednies de producci\u00f3 i materials en general.<\/p>\n<p>[\/et_pb_text][et_pb_button button_text=&#8221; Demanar pressupost&#8221; _builder_version=&#8221;4.17.4&#8243; _module_preset=&#8221;default&#8221; custom_button=&#8221;on&#8221; button_text_color=&#8221;#FFFFFF&#8221; global_colors_info=&#8221;{}&#8221;][\/et_pb_button][et_pb_divider show_divider=&#8221;off&#8221; disabled_on=&#8221;on|off|off&#8221; _builder_version=&#8221;4.16&#8243; _module_preset=&#8221;default&#8221; custom_padding=&#8221;7px||1px||false|false&#8221; global_colors_info=&#8221;{}&#8221;][\/et_pb_divider][\/et_pb_column][\/et_pb_row][\/et_pb_section][et_pb_section fb_built=&#8221;1&#8243; admin_label=&#8221;Secci\u00f3n Linea color Pie&#8221; _builder_version=&#8221;4.17.4&#8243; _module_preset=&#8221;default&#8221; custom_padding=&#8221;19px||||false|false&#8221; global_module=&#8221;106134&#8243; saved_tabs=&#8221;all&#8221; collapsed=&#8221;on&#8221; global_colors_info=&#8221;{}&#8221;][et_pb_row _builder_version=&#8221;4.16&#8243; _module_preset=&#8221;default&#8221; width=&#8221;90%&#8221; max_width=&#8221;90%&#8221; module_alignment=&#8221;left&#8221; custom_margin=&#8221;10px||||false|false&#8221; custom_padding=&#8221;0px||||false|false&#8221; global_colors_info=&#8221;{}&#8221;][et_pb_column type=&#8221;4_4&#8243; _builder_version=&#8221;4.16&#8243; _module_preset=&#8221;default&#8221; global_colors_info=&#8221;{}&#8221;][et_pb_code _builder_version=&#8221;4.17.4&#8243; _module_preset=&#8221;default&#8221; global_colors_info=&#8221;{}&#8221;]<svg id=\"Capa_1\" data-name=\"Capa 1\" xmlns=\"http:\/\/www.w3.org\/2000\/svg\" viewBox=\"0 0 1886.73 47.45\"><defs><\/p>\n<style>.clsd-1{fill:#004a87;}.clsd-2{fill:#00a0df;}.clsd-3{fill:#6ac3e9;}<\/style>\n<p><\/defs><polygon id=\"_verde3_\" data-name=\"<verde3>&#8221; class=&#8221;clsd-1&#8243; points=&#8221;0.04 0 1823.22 0.28 1808.15 47.45 0 47.45 0.04 0&#8243;\/><polygon id=\"_verde2_\" data-name=\"<verde2>&#8221; class=&#8221;clsd-2&#8243; points=&#8221;1829.31 0.28 1863.83 0.28 1848.76 47.45 1814.24 47.45 1829.31 0.28&#8243;\/><polygon id=\"_verde1_\" data-name=\"<verde1>&#8221; class=&#8221;clsd-3&#8243; points=&#8221;1870.35 0.28 1886.73 0.28 1871.66 47.45 1855.28 47.45 1870.35 0.28&#8243;\/><\/svg>[\/et_pb_code][\/et_pb_column][\/et_pb_row][\/et_pb_section]<\/p>\n","protected":false},"excerpt":{"rendered":"<p>Els nostres serveisValoraci\u00f3 de metallsTransport, gesti\u00f3 i eliminaci\u00f3 de residus industrials. Reciclatge i recuperaci\u00f3 de metalls i cablejat.Una de les activitats principals de TEGA se centra en la compravenda de ferralla i metalls (ferro, alumini, acer, coure, llaut\u00f3,\u2026), assegurant els millors preus, m\u00e0xima serietat i transpar\u00e8ncia. Mitjan\u00e7ant la seva flota de vehicles i contenidors de [&hellip;]<\/p>\n","protected":false},"author":2,"featured_media":0,"parent":106533,"menu_order":0,"comment_status":"closed","ping_status":"closed","template":"","meta":{"_et_pb_use_builder":"on","_et_pb_old_content":"","_et_gb_content_width":"","footnotes":""},"class_list":["post-106548","page","type-page","status-publish","hentry"],"yoast_head":"<!-- This site is optimized with the Yoast SEO plugin v25.0 - https:\/\/yoast.com\/wordpress\/plugins\/seo\/ -->\n<title>Valoraci\u00f3 de metalls - Tega Gesti\u00f3n Ambiental<\/title>\n<meta name=\"robots\" content=\"index, follow, max-snippet:-1, max-image-preview:large, max-video-preview:-1\" \/>\n<link rel=\"canonical\" href=\"https:\/\/www.tega.es\/ca\/tega-actius-industrials\/serveis-actius-industrials\/valoracio-de-metalls\/\" \/>\n<meta property=\"og:locale\" content=\"ca_ES\" \/>\n<meta property=\"og:type\" content=\"article\" \/>\n<meta property=\"og:title\" content=\"Valoraci\u00f3 de metalls - Tega Gesti\u00f3n Ambiental\" \/>\n<meta property=\"og:description\" content=\"Els nostres serveisValoraci\u00f3 de metallsTransport, gesti\u00f3 i eliminaci\u00f3 de residus industrials. Reciclatge i recuperaci\u00f3 de metalls i cablejat.Una de les activitats principals de TEGA se centra en la compravenda de ferralla i metalls (ferro, alumini, acer, coure, llaut\u00f3,\u2026), assegurant els millors preus, m\u00e0xima serietat i transpar\u00e8ncia. Mitjan\u00e7ant la seva flota de vehicles i contenidors de [&hellip;]\" \/>\n<meta property=\"og:url\" content=\"https:\/\/www.tega.es\/ca\/tega-actius-industrials\/serveis-actius-industrials\/valoracio-de-metalls\/\" \/>\n<meta property=\"og:site_name\" content=\"Tega Gesti\u00f3n Ambiental\" \/>\n<meta property=\"article:modified_time\" content=\"2026-04-21T18:49:10+00:00\" \/>\n<meta name=\"twitter:card\" content=\"summary_large_image\" \/>\n<meta name=\"twitter:label1\" content=\"Temps estimat de lectura\" \/>\n\t<meta name=\"twitter:data1\" content=\"9 minuts\" \/>\n<script type=\"application\/ld+json\" class=\"yoast-schema-graph\">{\"@context\":\"https:\/\/schema.org\",\"@graph\":[{\"@type\":\"WebPage\",\"@id\":\"https:\/\/www.tega.es\/ca\/tega-actius-industrials\/serveis-actius-industrials\/valoracio-de-metalls\/\",\"url\":\"https:\/\/www.tega.es\/ca\/tega-actius-industrials\/serveis-actius-industrials\/valoracio-de-metalls\/\",\"name\":\"Valoraci\u00f3 de metalls - Tega Gesti\u00f3n Ambiental\",\"isPartOf\":{\"@id\":\"https:\/\/www.tega.es\/ca\/#website\"},\"datePublished\":\"2022-05-26T16:35:56+00:00\",\"dateModified\":\"2026-04-21T18:49:10+00:00\",\"breadcrumb\":{\"@id\":\"https:\/\/www.tega.es\/ca\/tega-actius-industrials\/serveis-actius-industrials\/valoracio-de-metalls\/#breadcrumb\"},\"inLanguage\":\"ca\",\"potentialAction\":[{\"@type\":\"ReadAction\",\"target\":[\"https:\/\/www.tega.es\/ca\/tega-actius-industrials\/serveis-actius-industrials\/valoracio-de-metalls\/\"]}]},{\"@type\":\"BreadcrumbList\",\"@id\":\"https:\/\/www.tega.es\/ca\/tega-actius-industrials\/serveis-actius-industrials\/valoracio-de-metalls\/#breadcrumb\",\"itemListElement\":[{\"@type\":\"ListItem\",\"position\":1,\"name\":\"Portada\",\"item\":\"https:\/\/www.tega.es\/ca\/\"},{\"@type\":\"ListItem\",\"position\":2,\"name\":\"Tega Actius Industrials\",\"item\":\"https:\/\/www.tega.es\/ca\/tega-activos-industriales\/\"},{\"@type\":\"ListItem\",\"position\":3,\"name\":\"Serveis Actius Industrials\",\"item\":\"https:\/\/www.tega.es\/ca\/tega-activos-industriales\/servicios-activos-industriales\/\"},{\"@type\":\"ListItem\",\"position\":4,\"name\":\"Valoraci\u00f3 de metalls\"}]},{\"@type\":\"WebSite\",\"@id\":\"https:\/\/www.tega.es\/ca\/#website\",\"url\":\"https:\/\/www.tega.es\/ca\/\",\"name\":\"Tega Gesti\u00f3n Ambiental\",\"description\":\"Tratamiento y gesti\u00f3n de residuos\",\"publisher\":{\"@id\":\"https:\/\/www.tega.es\/ca\/#organization\"},\"potentialAction\":[{\"@type\":\"SearchAction\",\"target\":{\"@type\":\"EntryPoint\",\"urlTemplate\":\"https:\/\/www.tega.es\/ca\/?s={search_term_string}\"},\"query-input\":{\"@type\":\"PropertyValueSpecification\",\"valueRequired\":true,\"valueName\":\"search_term_string\"}}],\"inLanguage\":\"ca\"},{\"@type\":\"Organization\",\"@id\":\"https:\/\/www.tega.es\/ca\/#organization\",\"name\":\"TEGA\",\"url\":\"https:\/\/www.tega.es\/ca\/\",\"logo\":{\"@type\":\"ImageObject\",\"inLanguage\":\"ca\",\"@id\":\"https:\/\/www.tega.es\/ca\/#\/schema\/logo\/image\/\",\"url\":\"https:\/\/www.tega.es\/wp-content\/uploads\/2022\/02\/Logo_tega_ambiental.png\",\"contentUrl\":\"https:\/\/www.tega.es\/wp-content\/uploads\/2022\/02\/Logo_tega_ambiental.png\",\"width\":521,\"height\":192,\"caption\":\"TEGA\"},\"image\":{\"@id\":\"https:\/\/www.tega.es\/ca\/#\/schema\/logo\/image\/\"}}]}<\/script>\n<!-- \/ Yoast SEO plugin. -->","yoast_head_json":{"title":"Valoraci\u00f3 de metalls - Tega Gesti\u00f3n Ambiental","robots":{"index":"index","follow":"follow","max-snippet":"max-snippet:-1","max-image-preview":"max-image-preview:large","max-video-preview":"max-video-preview:-1"},"canonical":"https:\/\/www.tega.es\/ca\/tega-actius-industrials\/serveis-actius-industrials\/valoracio-de-metalls\/","og_locale":"ca_ES","og_type":"article","og_title":"Valoraci\u00f3 de metalls - Tega Gesti\u00f3n Ambiental","og_description":"Els nostres serveisValoraci\u00f3 de metallsTransport, gesti\u00f3 i eliminaci\u00f3 de residus industrials. Reciclatge i recuperaci\u00f3 de metalls i cablejat.Una de les activitats principals de TEGA se centra en la compravenda de ferralla i metalls (ferro, alumini, acer, coure, llaut\u00f3,\u2026), assegurant els millors preus, m\u00e0xima serietat i transpar\u00e8ncia. Mitjan\u00e7ant la seva flota de vehicles i contenidors de [&hellip;]","og_url":"https:\/\/www.tega.es\/ca\/tega-actius-industrials\/serveis-actius-industrials\/valoracio-de-metalls\/","og_site_name":"Tega Gesti\u00f3n Ambiental","article_modified_time":"2026-04-21T18:49:10+00:00","twitter_card":"summary_large_image","twitter_misc":{"Temps estimat de lectura":"9 minuts"},"schema":{"@context":"https:\/\/schema.org","@graph":[{"@type":"WebPage","@id":"https:\/\/www.tega.es\/ca\/tega-actius-industrials\/serveis-actius-industrials\/valoracio-de-metalls\/","url":"https:\/\/www.tega.es\/ca\/tega-actius-industrials\/serveis-actius-industrials\/valoracio-de-metalls\/","name":"Valoraci\u00f3 de metalls - Tega Gesti\u00f3n Ambiental","isPartOf":{"@id":"https:\/\/www.tega.es\/ca\/#website"},"datePublished":"2022-05-26T16:35:56+00:00","dateModified":"2026-04-21T18:49:10+00:00","breadcrumb":{"@id":"https:\/\/www.tega.es\/ca\/tega-actius-industrials\/serveis-actius-industrials\/valoracio-de-metalls\/#breadcrumb"},"inLanguage":"ca","potentialAction":[{"@type":"ReadAction","target":["https:\/\/www.tega.es\/ca\/tega-actius-industrials\/serveis-actius-industrials\/valoracio-de-metalls\/"]}]},{"@type":"BreadcrumbList","@id":"https:\/\/www.tega.es\/ca\/tega-actius-industrials\/serveis-actius-industrials\/valoracio-de-metalls\/#breadcrumb","itemListElement":[{"@type":"ListItem","position":1,"name":"Portada","item":"https:\/\/www.tega.es\/ca\/"},{"@type":"ListItem","position":2,"name":"Tega Actius Industrials","item":"https:\/\/www.tega.es\/ca\/tega-activos-industriales\/"},{"@type":"ListItem","position":3,"name":"Serveis Actius Industrials","item":"https:\/\/www.tega.es\/ca\/tega-activos-industriales\/servicios-activos-industriales\/"},{"@type":"ListItem","position":4,"name":"Valoraci\u00f3 de metalls"}]},{"@type":"WebSite","@id":"https:\/\/www.tega.es\/ca\/#website","url":"https:\/\/www.tega.es\/ca\/","name":"Tega Gesti\u00f3n Ambiental","description":"Tratamiento y gesti\u00f3n de residuos","publisher":{"@id":"https:\/\/www.tega.es\/ca\/#organization"},"potentialAction":[{"@type":"SearchAction","target":{"@type":"EntryPoint","urlTemplate":"https:\/\/www.tega.es\/ca\/?s={search_term_string}"},"query-input":{"@type":"PropertyValueSpecification","valueRequired":true,"valueName":"search_term_string"}}],"inLanguage":"ca"},{"@type":"Organization","@id":"https:\/\/www.tega.es\/ca\/#organization","name":"TEGA","url":"https:\/\/www.tega.es\/ca\/","logo":{"@type":"ImageObject","inLanguage":"ca","@id":"https:\/\/www.tega.es\/ca\/#\/schema\/logo\/image\/","url":"https:\/\/www.tega.es\/wp-content\/uploads\/2022\/02\/Logo_tega_ambiental.png","contentUrl":"https:\/\/www.tega.es\/wp-content\/uploads\/2022\/02\/Logo_tega_ambiental.png","width":521,"height":192,"caption":"TEGA"},"image":{"@id":"https:\/\/www.tega.es\/ca\/#\/schema\/logo\/image\/"}}]}},"_links":{"self":[{"href":"https:\/\/www.tega.es\/ca\/wp-json\/wp\/v2\/pages\/106548","targetHints":{"allow":["GET"]}}],"collection":[{"href":"https:\/\/www.tega.es\/ca\/wp-json\/wp\/v2\/pages"}],"about":[{"href":"https:\/\/www.tega.es\/ca\/wp-json\/wp\/v2\/types\/page"}],"author":[{"embeddable":true,"href":"https:\/\/www.tega.es\/ca\/wp-json\/wp\/v2\/users\/2"}],"replies":[{"embeddable":true,"href":"https:\/\/www.tega.es\/ca\/wp-json\/wp\/v2\/comments?post=106548"}],"version-history":[{"count":3,"href":"https:\/\/www.tega.es\/ca\/wp-json\/wp\/v2\/pages\/106548\/revisions"}],"predecessor-version":[{"id":107706,"href":"https:\/\/www.tega.es\/ca\/wp-json\/wp\/v2\/pages\/106548\/revisions\/107706"}],"up":[{"embeddable":true,"href":"https:\/\/www.tega.es\/ca\/wp-json\/wp\/v2\/pages\/106533"}],"wp:attachment":[{"href":"https:\/\/www.tega.es\/ca\/wp-json\/wp\/v2\/media?parent=106548"}],"curies":[{"name":"wp","href":"https:\/\/api.w.org\/{rel}","templated":true}]}}