{"id":106266,"date":"2022-05-19T12:05:33","date_gmt":"2022-05-19T12:05:33","guid":{"rendered":"http:\/\/jordil3.sg-host.com\/tega-crt\/serveis-crt\/"},"modified":"2022-05-30T16:29:03","modified_gmt":"2022-05-30T16:29:03","slug":"serveis-crt","status":"publish","type":"page","link":"https:\/\/www.tega.es\/ca\/tega-crt\/serveis-crt\/","title":{"rendered":"Serveis CRT"},"content":{"rendered":"<p>[et_pb_section fb_built=&#8221;1&#8243; admin_label=&#8221;Nuestro sericios&#8221; _builder_version=&#8221;4.17.4&#8243; _module_preset=&#8221;default&#8221; background_enable_color=&#8221;off&#8221; global_colors_info=&#8221;{}&#8221; global_module=&#8221;105957&#8243; theme_builder_area=&#8221;post_content&#8221;][et_pb_row _builder_version=&#8221;4.16&#8243; _module_preset=&#8221;default&#8221; global_colors_info=&#8221;{}&#8221; theme_builder_area=&#8221;post_content&#8221;][et_pb_column type=&#8221;4_4&#8243; _builder_version=&#8221;4.16&#8243; _module_preset=&#8221;default&#8221; global_colors_info=&#8221;{}&#8221; theme_builder_area=&#8221;post_content&#8221;][et_pb_text _builder_version=&#8221;4.16&#8243; _module_preset=&#8221;default&#8221; header_2_font=&#8221;|800|||||||&#8221; header_2_text_align=&#8221;center&#8221; header_2_font_size=&#8221;30px&#8221; global_colors_info=&#8221;{}&#8221; theme_builder_area=&#8221;post_content&#8221;]<\/p>\n<h2>Els Nostres Serveis<\/h2>\n<p>[\/et_pb_text][\/et_pb_column][\/et_pb_row][et_pb_row column_structure=&#8221;1_3,1_3,1_3&#8243; _builder_version=&#8221;4.16&#8243; _module_preset=&#8221;default&#8221; global_colors_info=&#8221;{}&#8221; theme_builder_area=&#8221;post_content&#8221;][et_pb_column type=&#8221;1_3&#8243; _builder_version=&#8221;4.16&#8243; _module_preset=&#8221;default&#8221; global_colors_info=&#8221;{}&#8221; theme_builder_area=&#8221;post_content&#8221;][et_pb_image src=&#8221;https:\/\/www.tega.es\/wp-content\/uploads\/2022\/03\/limpiezas-industriales-tega-3.jpg&#8221; alt=&#8221;Neteges industrials TEGA&#8221; title_text=&#8221; Neteges Industrials TEGA &#8211; 3&#8243; align_tablet=&#8221;&#8221; align_phone=&#8221;center&#8221; align_last_edited=&#8221;on|phone&#8221; _builder_version=&#8221;4.16&#8243; _module_preset=&#8221;default&#8221; global_colors_info=&#8221;{}&#8221; theme_builder_area=&#8221;post_content&#8221;][\/et_pb_image][et_pb_text _builder_version=&#8221;4.17.4&#8243; _module_preset=&#8221;default&#8221; custom_margin=&#8221;||20px||false|false&#8221; text_orientation_tablet=&#8221;&#8221; text_orientation_phone=&#8221;center&#8221; text_orientation_last_edited=&#8221;on|phone&#8221; global_colors_info=&#8221;{}&#8221; theme_builder_area=&#8221;post_content&#8221;]<\/p>\n<h3>Serveis Ambientals<\/h3>\n<p>Gr\u00e0cies al nostre equip de professionals, podem oferir un assessorament, consultoria i solucions en els tr\u00e0mits relacionats a l&#8217;\u00e0mbit medi ambiental.[\/et_pb_text][et_pb_button button_url=&#8221;@ET-DC@eyJkeW5hbWljIjp0cnVlLCJjb250ZW50IjoicG9zdF9saW5rX3VybF9wYWdlIiwic2V0dGluZ3MiOnsicG9zdF9pZCI6IjEwNTg3NSJ9fQ==@&#8221; button_text=&#8221; Informa&#8217;t&#8221; button_alignment=&#8221;center&#8221; _builder_version=&#8221;4.17.4&#8243; _dynamic_attributes=&#8221;button_url&#8221; _module_preset=&#8221;default&#8221; custom_button=&#8221;on&#8221; button_text_size=&#8221;16px&#8221; button_text_color=&#8221;#CB6107&#8243; button_border_color=&#8221;#CB6107&#8243; custom_margin=&#8221;0px||||false|false&#8221; global_colors_info=&#8221;{}&#8221; theme_builder_area=&#8221;post_content&#8221;][\/et_pb_button][\/et_pb_column][et_pb_column type=&#8221;1_3&#8243; _builder_version=&#8221;4.16&#8243; _module_preset=&#8221;default&#8221; global_colors_info=&#8221;{}&#8221; theme_builder_area=&#8221;post_content&#8221;][et_pb_image src=&#8221;https:\/\/www.tega.es\/wp-content\/uploads\/2022\/03\/Residuos-no-peligrosos-TEGA-2.jpg&#8221; alt=&#8221;Residus no Perillosos Tega&#8221; title_text=&#8221;Residus no Perillosos Tega-2&#8243; align_tablet=&#8221;&#8221; align_phone=&#8221;center&#8221; align_last_edited=&#8221;on|phone&#8221; _builder_version=&#8221;4.16&#8243; _module_preset=&#8221;default&#8221; global_colors_info=&#8221;{}&#8221; theme_builder_area=&#8221;post_content&#8221;][\/et_pb_image][et_pb_text _builder_version=&#8221;4.17.4&#8243; _module_preset=&#8221;default&#8221; custom_margin=&#8221;||20px||false|false&#8221; text_orientation_tablet=&#8221;&#8221; text_orientation_phone=&#8221;center&#8221; text_orientation_last_edited=&#8221;on|phone&#8221; global_colors_info=&#8221;{}&#8221; theme_builder_area=&#8221;post_content&#8221;]<\/p>\n<h3>Retirada d&#8217;Amiant o Fibrociment<\/h3>\n<p>L&#8217;amiant \u00e9s considerat un residu perill\u00f3s. \u00c9s la soluci\u00f3 m\u00e9s estesa i l&#8217;\u00fanica per a edificis i instal\u00b7lacions abans de ser enderrocats.[\/et_pb_text][et_pb_button button_url=&#8221;@ET-DC@eyJkeW5hbWljIjp0cnVlLCJjb250ZW50IjoicG9zdF9saW5rX3VybF9wYWdlIiwic2V0dGluZ3MiOnsicG9zdF9pZCI6IjEwNTg5NiJ9fQ==@&#8221; button_text=&#8221; Informa&#8217;t&#8221; button_alignment=&#8221;center&#8221; _builder_version=&#8221;4.17.4&#8243; _dynamic_attributes=&#8221;button_url&#8221; _module_preset=&#8221;default&#8221; custom_button=&#8221;on&#8221; button_text_size=&#8221;16px&#8221; button_text_color=&#8221;#CB6107&#8243; button_border_color=&#8221;#CB6107&#8243; custom_margin=&#8221;0px||||false|false&#8221; global_colors_info=&#8221;{}&#8221; theme_builder_area=&#8221;post_content&#8221;][\/et_pb_button][\/et_pb_column][et_pb_column type=&#8221;1_3&#8243; _builder_version=&#8221;4.16&#8243; _module_preset=&#8221;default&#8221; global_colors_info=&#8221;{}&#8221; theme_builder_area=&#8221;post_content&#8221;][et_pb_image src=&#8221;https:\/\/www.tega.es\/wp-content\/uploads\/2022\/03\/residuos-peligrosos-Tega-2.jpg&#8221; alt=&#8221; Residus-perillosos-Tega&#8221; title_text=&#8221; Residus-perillosos-Tega&#8221; align=&#8221;center&#8221; _builder_version=&#8221;4.16&#8243; _module_preset=&#8221;default&#8221; global_colors_info=&#8221;{}&#8221; theme_builder_area=&#8221;post_content&#8221;][\/et_pb_image][et_pb_text _builder_version=&#8221;4.17.4&#8243; _module_preset=&#8221;default&#8221; custom_margin=&#8221;||20px||false|false&#8221; text_orientation_tablet=&#8221;&#8221; text_orientation_phone=&#8221;center&#8221; text_orientation_last_edited=&#8221;on|phone&#8221; global_colors_info=&#8221;{}&#8221; theme_builder_area=&#8221;post_content&#8221;]<\/p>\n<h3>Gesti\u00f3 Recollida Petites Quantitats<\/h3>\n<p>TEGA CRT gestiona la recollida selectiva de petites quantitats de residus com ara fluorescents, piles, cartutxos, t\u00f2ners, piles i piles bot\u00f3.[\/et_pb_text][et_pb_button button_url=&#8221;@ET-DC@eyJkeW5hbWljIjp0cnVlLCJjb250ZW50IjoicG9zdF9saW5rX3VybF9wYWdlIiwic2V0dGluZ3MiOnsicG9zdF9pZCI6IjEwNTkwMiJ9fQ==@&#8221; button_text=&#8221; Informa&#8217;t&#8221; button_alignment=&#8221;center&#8221; _builder_version=&#8221;4.17.4&#8243; _dynamic_attributes=&#8221;button_url&#8221; _module_preset=&#8221;default&#8221; custom_button=&#8221;on&#8221; button_text_size=&#8221;16px&#8221; button_text_color=&#8221;#CB6107&#8243; button_border_color=&#8221;#CB6107&#8243; custom_margin=&#8221;0px||||false|false&#8221; global_colors_info=&#8221;{}&#8221; theme_builder_area=&#8221;post_content&#8221;][\/et_pb_button][\/et_pb_column][\/et_pb_row][et_pb_row column_structure=&#8221;1_3,1_3,1_3&#8243; _builder_version=&#8221;4.16&#8243; _module_preset=&#8221;default&#8221; global_colors_info=&#8221;{}&#8221; theme_builder_area=&#8221;post_content&#8221;][et_pb_column type=&#8221;1_3&#8243; _builder_version=&#8221;4.16&#8243; _module_preset=&#8221;default&#8221; global_colors_info=&#8221;{}&#8221; theme_builder_area=&#8221;post_content&#8221;][et_pb_image src=&#8221;https:\/\/www.tega.es\/wp-content\/uploads\/2022\/03\/limpiezas-industriales-tega-3.jpg&#8221; alt=&#8221;Neteges industrials TEGA&#8221; title_text=&#8221; Neteges Industrials TEGA &#8211; 3&#8243; align_tablet=&#8221;&#8221; align_phone=&#8221;center&#8221; align_last_edited=&#8221;on|phone&#8221; _builder_version=&#8221;4.16&#8243; _module_preset=&#8221;default&#8221; global_colors_info=&#8221;{}&#8221; theme_builder_area=&#8221;post_content&#8221;][\/et_pb_image][et_pb_text _builder_version=&#8221;4.17.4&#8243; _module_preset=&#8221;default&#8221; custom_margin=&#8221;||20px||false|false&#8221; text_orientation_tablet=&#8221;&#8221; text_orientation_phone=&#8221;center&#8221; text_orientation_last_edited=&#8221;on|phone&#8221; global_colors_info=&#8221;{}&#8221; theme_builder_area=&#8221;post_content&#8221;]<\/p>\n<h3>Subministraments Equips i Envasos<\/h3>\n<p><span style=\"font-weight: 400;\">TEGA CRT ofereix serveis de lloguer de contenidors  a qualsevol punt d&#8217;Espanya, contenidors de reciclatge, contenidors per a residus, contenidors d&#8217;obra, etc.<\/span>< \/p>[\/et_pb_text][et_pb_button button_url=&#8221;@ET-DC@eyJkeW5hbWljIjp0cnVlLCJjb250ZW50IjoicG9zdF9saW5rX3VybF9wYWdlIiwic2V0dGluZ3MiOnsicG9zdF9pZCI6IjEwNTkwNyJ9fQ==@&#8221; button_text=&#8221; Informa&#8217;t&#8221; button_alignment=&#8221;center&#8221; _builder_version=&#8221;4.17.4&#8243; _dynamic_attributes=&#8221;button_url&#8221; _module_preset=&#8221;default&#8221; custom_button=&#8221;on&#8221; button_text_size=&#8221;16px&#8221; button_text_color=&#8221;#CB6107&#8243; button_border_color=&#8221;#CB6107&#8243; custom_margin=&#8221;0px||||false|false&#8221; global_colors_info=&#8221;{}&#8221; theme_builder_area=&#8221;post_content&#8221;][\/et_pb_button][\/et_pb_column][et_pb_column type=&#8221;1_3&#8243; _builder_version=&#8221;4.16&#8243; _module_preset=&#8221;default&#8221; global_colors_info=&#8221;{}&#8221; theme_builder_area=&#8221;post_content&#8221;][et_pb_image src=&#8221;https:\/\/www.tega.es\/wp-content\/uploads\/2022\/03\/Residuos-no-peligrosos-TEGA-2.jpg&#8221; alt=&#8221;Residus no Perillosos Tega&#8221; title_text=&#8221;Residus no Perillosos Tega-2&#8243; align_tablet=&#8221;&#8221; align_phone=&#8221;center&#8221; align_last_edited=&#8221;on|phone&#8221; _builder_version=&#8221;4.16&#8243; _module_preset=&#8221;default&#8221; global_colors_info=&#8221;{}&#8221; theme_builder_area=&#8221;post_content&#8221;][\/et_pb_image][et_pb_text _builder_version=&#8221;4.17.4&#8243; _module_preset=&#8221;default&#8221; custom_margin=&#8221;||20px||false|false&#8221; text_orientation_tablet=&#8221;&#8221; text_orientation_phone=&#8221;center&#8221; text_orientation_last_edited=&#8221;on|phone&#8221; global_colors_info=&#8221;{}&#8221; theme_builder_area=&#8221;post_content&#8221;]<\/p>\n<h3>Condicionament i Diagnosi de Residu<\/h3>\n<p><span style=\"font-weight: 400;\">TEGA CRT Ens encarreguem de l&#8217;Acondicionament dels residus (operacions necess\u00e0ries per a emmagatzematge i\/o transport dels residus).<\/span><\/p>\n<p>[\/et_pb_text][et_pb_button button_url=&#8221;@ET-DC@eyJkeW5hbWljIjp0cnVlLCJjb250ZW50IjoicG9zdF9saW5rX3VybF9wYWdlIiwic2V0dGluZ3MiOnsicG9zdF9pZCI6IjEwNTkxMyJ9fQ==@&#8221; button_text=&#8221; Informa&#8217;t&#8221; button_alignment=&#8221;center&#8221; _builder_version=&#8221;4.17.4&#8243; _dynamic_attributes=&#8221;button_url&#8221; _module_preset=&#8221;default&#8221; custom_button=&#8221;on&#8221; button_text_size=&#8221;16px&#8221; button_text_color=&#8221;#CB6107&#8243; button_border_color=&#8221;#CB6107&#8243; custom_margin=&#8221;0px||||false|false&#8221; global_colors_info=&#8221;{}&#8221; theme_builder_area=&#8221;post_content&#8221;][\/et_pb_button][\/et_pb_column][et_pb_column type=&#8221;1_3&#8243; _builder_version=&#8221;4.16&#8243; _module_preset=&#8221;default&#8221; global_colors_info=&#8221;{}&#8221; theme_builder_area=&#8221;post_content&#8221;][et_pb_image src=&#8221;https:\/\/www.tega.es\/wp-content\/uploads\/2022\/03\/residuos-peligrosos-Tega-2.jpg&#8221; alt=&#8221; Residus-perillosos-Tega&#8221; title_text=&#8221; Residus-perillosos-Tega&#8221; align=&#8221;center&#8221; _builder_version=&#8221;4.16&#8243; _module_preset=&#8221;default&#8221; global_colors_info=&#8221;{}&#8221; theme_builder_area=&#8221;post_content&#8221;][\/et_pb_image][et_pb_text _builder_version=&#8221;4.17.4&#8243; _module_preset=&#8221;default&#8221; custom_margin=&#8221;||20px||false|false&#8221; text_orientation_tablet=&#8221;&#8221; text_orientation_phone=&#8221;center&#8221; text_orientation_last_edited=&#8221;on|phone&#8221; global_colors_info=&#8221;{}&#8221; theme_builder_area=&#8221;post_content&#8221;]<\/p>\n<h3>Gesti\u00f3 Productes Caducats<\/h3>\n<p>TEGA CRT tamb\u00e9 gestionem residus biosanitaris, aliments caducats, subproductes d\u00b4animals, productes alimentaris en mal estat, oferint solucions a mida.[\/et_pb_text][et_pb_button button_url=&#8221;@ET-DC@eyJkeW5hbWljIjp0cnVlLCJjb250ZW50IjoicG9zdF9saW5rX3VybF9wYWdlIiwic2V0dGluZ3MiOnsicG9zdF9pZCI6IjEwNTkxOSJ9fQ==@&#8221; button_text=&#8221; Informa&#8217;t&#8221; button_alignment=&#8221;center&#8221; _builder_version=&#8221;4.17.4&#8243; _dynamic_attributes=&#8221;button_url&#8221; _module_preset=&#8221;default&#8221; custom_button=&#8221;on&#8221; button_text_size=&#8221;16px&#8221; button_text_color=&#8221;#CB6107&#8243; button_border_color=&#8221;#CB6107&#8243; custom_margin=&#8221;0px||||false|false&#8221; global_colors_info=&#8221;{}&#8221; theme_builder_area=&#8221;post_content&#8221;][\/et_pb_button][\/et_pb_column][\/et_pb_row][\/et_pb_section]<\/p>\n","protected":false},"excerpt":{"rendered":"<p>Els Nostres ServeisServeis Ambientals Gr\u00e0cies al nostre equip de professionals, podem oferir un assessorament, consultoria i solucions en els tr\u00e0mits relacionats a l&#8217;\u00e0mbit medi ambiental.Retirada d&#8217;Amiant o Fibrociment L&#8217;amiant \u00e9s considerat un residu perill\u00f3s. \u00c9s la soluci\u00f3 m\u00e9s estesa i l&#8217;\u00fanica per a edificis i instal\u00b7lacions abans de ser enderrocats.Gesti\u00f3 Recollida Petites Quantitats TEGA CRT [&hellip;]<\/p>\n","protected":false},"author":2,"featured_media":0,"parent":106257,"menu_order":0,"comment_status":"closed","ping_status":"closed","template":"","meta":{"_et_pb_use_builder":"on","_et_pb_old_content":"","_et_gb_content_width":"","footnotes":""},"class_list":["post-106266","page","type-page","status-publish","hentry"],"yoast_head":"<!-- This site is optimized with the Yoast SEO plugin v25.0 - https:\/\/yoast.com\/wordpress\/plugins\/seo\/ -->\n<title>Serveis CRT - Tega Gesti\u00f3n Ambiental<\/title>\n<meta name=\"robots\" content=\"index, follow, max-snippet:-1, max-image-preview:large, max-video-preview:-1\" \/>\n<link rel=\"canonical\" href=\"https:\/\/www.tega.es\/ca\/tega-crt\/serveis-crt\/\" \/>\n<meta property=\"og:locale\" content=\"ca_ES\" \/>\n<meta property=\"og:type\" content=\"article\" \/>\n<meta property=\"og:title\" content=\"Serveis CRT - Tega Gesti\u00f3n Ambiental\" \/>\n<meta property=\"og:description\" content=\"Els Nostres ServeisServeis Ambientals Gr\u00e0cies al nostre equip de professionals, podem oferir un assessorament, consultoria i solucions en els tr\u00e0mits relacionats a l&#039;\u00e0mbit medi ambiental.Retirada d&#039;Amiant o Fibrociment L&#039;amiant \u00e9s considerat un residu perill\u00f3s. \u00c9s la soluci\u00f3 m\u00e9s estesa i l&#039;\u00fanica per a edificis i instal\u00b7lacions abans de ser enderrocats.Gesti\u00f3 Recollida Petites Quantitats TEGA CRT [&hellip;]\" \/>\n<meta property=\"og:url\" content=\"https:\/\/www.tega.es\/ca\/tega-crt\/serveis-crt\/\" \/>\n<meta property=\"og:site_name\" content=\"Tega Gesti\u00f3n Ambiental\" \/>\n<meta property=\"article:modified_time\" content=\"2022-05-30T16:29:03+00:00\" \/>\n<meta name=\"twitter:card\" content=\"summary_large_image\" \/>\n<meta name=\"twitter:label1\" content=\"Temps estimat de lectura\" \/>\n\t<meta name=\"twitter:data1\" content=\"7 minuts\" \/>\n<script type=\"application\/ld+json\" class=\"yoast-schema-graph\">{\"@context\":\"https:\/\/schema.org\",\"@graph\":[{\"@type\":\"WebPage\",\"@id\":\"https:\/\/www.tega.es\/ca\/tega-crt\/serveis-crt\/\",\"url\":\"https:\/\/www.tega.es\/ca\/tega-crt\/serveis-crt\/\",\"name\":\"Serveis CRT - Tega Gesti\u00f3n Ambiental\",\"isPartOf\":{\"@id\":\"https:\/\/www.tega.es\/ca\/#website\"},\"datePublished\":\"2022-05-19T12:05:33+00:00\",\"dateModified\":\"2022-05-30T16:29:03+00:00\",\"breadcrumb\":{\"@id\":\"https:\/\/www.tega.es\/ca\/tega-crt\/serveis-crt\/#breadcrumb\"},\"inLanguage\":\"ca\",\"potentialAction\":[{\"@type\":\"ReadAction\",\"target\":[\"https:\/\/www.tega.es\/ca\/tega-crt\/serveis-crt\/\"]}]},{\"@type\":\"BreadcrumbList\",\"@id\":\"https:\/\/www.tega.es\/ca\/tega-crt\/serveis-crt\/#breadcrumb\",\"itemListElement\":[{\"@type\":\"ListItem\",\"position\":1,\"name\":\"Portada\",\"item\":\"https:\/\/www.tega.es\/ca\/\"},{\"@type\":\"ListItem\",\"position\":2,\"name\":\"Tega CRT\",\"item\":\"https:\/\/www.tega.es\/ca\/tega-crt\/\"},{\"@type\":\"ListItem\",\"position\":3,\"name\":\"Serveis CRT\"}]},{\"@type\":\"WebSite\",\"@id\":\"https:\/\/www.tega.es\/ca\/#website\",\"url\":\"https:\/\/www.tega.es\/ca\/\",\"name\":\"Tega Gesti\u00f3n Ambiental\",\"description\":\"Tratamiento y gesti\u00f3n de residuos\",\"publisher\":{\"@id\":\"https:\/\/www.tega.es\/ca\/#organization\"},\"potentialAction\":[{\"@type\":\"SearchAction\",\"target\":{\"@type\":\"EntryPoint\",\"urlTemplate\":\"https:\/\/www.tega.es\/ca\/?s={search_term_string}\"},\"query-input\":{\"@type\":\"PropertyValueSpecification\",\"valueRequired\":true,\"valueName\":\"search_term_string\"}}],\"inLanguage\":\"ca\"},{\"@type\":\"Organization\",\"@id\":\"https:\/\/www.tega.es\/ca\/#organization\",\"name\":\"TEGA\",\"url\":\"https:\/\/www.tega.es\/ca\/\",\"logo\":{\"@type\":\"ImageObject\",\"inLanguage\":\"ca\",\"@id\":\"https:\/\/www.tega.es\/ca\/#\/schema\/logo\/image\/\",\"url\":\"https:\/\/www.tega.es\/wp-content\/uploads\/2022\/02\/Logo_tega_ambiental.png\",\"contentUrl\":\"https:\/\/www.tega.es\/wp-content\/uploads\/2022\/02\/Logo_tega_ambiental.png\",\"width\":521,\"height\":192,\"caption\":\"TEGA\"},\"image\":{\"@id\":\"https:\/\/www.tega.es\/ca\/#\/schema\/logo\/image\/\"}}]}<\/script>\n<!-- \/ Yoast SEO plugin. -->","yoast_head_json":{"title":"Serveis CRT - Tega Gesti\u00f3n Ambiental","robots":{"index":"index","follow":"follow","max-snippet":"max-snippet:-1","max-image-preview":"max-image-preview:large","max-video-preview":"max-video-preview:-1"},"canonical":"https:\/\/www.tega.es\/ca\/tega-crt\/serveis-crt\/","og_locale":"ca_ES","og_type":"article","og_title":"Serveis CRT - Tega Gesti\u00f3n Ambiental","og_description":"Els Nostres ServeisServeis Ambientals Gr\u00e0cies al nostre equip de professionals, podem oferir un assessorament, consultoria i solucions en els tr\u00e0mits relacionats a l'\u00e0mbit medi ambiental.Retirada d'Amiant o Fibrociment L'amiant \u00e9s considerat un residu perill\u00f3s. \u00c9s la soluci\u00f3 m\u00e9s estesa i l'\u00fanica per a edificis i instal\u00b7lacions abans de ser enderrocats.Gesti\u00f3 Recollida Petites Quantitats TEGA CRT [&hellip;]","og_url":"https:\/\/www.tega.es\/ca\/tega-crt\/serveis-crt\/","og_site_name":"Tega Gesti\u00f3n Ambiental","article_modified_time":"2022-05-30T16:29:03+00:00","twitter_card":"summary_large_image","twitter_misc":{"Temps estimat de lectura":"7 minuts"},"schema":{"@context":"https:\/\/schema.org","@graph":[{"@type":"WebPage","@id":"https:\/\/www.tega.es\/ca\/tega-crt\/serveis-crt\/","url":"https:\/\/www.tega.es\/ca\/tega-crt\/serveis-crt\/","name":"Serveis CRT - Tega Gesti\u00f3n Ambiental","isPartOf":{"@id":"https:\/\/www.tega.es\/ca\/#website"},"datePublished":"2022-05-19T12:05:33+00:00","dateModified":"2022-05-30T16:29:03+00:00","breadcrumb":{"@id":"https:\/\/www.tega.es\/ca\/tega-crt\/serveis-crt\/#breadcrumb"},"inLanguage":"ca","potentialAction":[{"@type":"ReadAction","target":["https:\/\/www.tega.es\/ca\/tega-crt\/serveis-crt\/"]}]},{"@type":"BreadcrumbList","@id":"https:\/\/www.tega.es\/ca\/tega-crt\/serveis-crt\/#breadcrumb","itemListElement":[{"@type":"ListItem","position":1,"name":"Portada","item":"https:\/\/www.tega.es\/ca\/"},{"@type":"ListItem","position":2,"name":"Tega CRT","item":"https:\/\/www.tega.es\/ca\/tega-crt\/"},{"@type":"ListItem","position":3,"name":"Serveis CRT"}]},{"@type":"WebSite","@id":"https:\/\/www.tega.es\/ca\/#website","url":"https:\/\/www.tega.es\/ca\/","name":"Tega Gesti\u00f3n Ambiental","description":"Tratamiento y gesti\u00f3n de residuos","publisher":{"@id":"https:\/\/www.tega.es\/ca\/#organization"},"potentialAction":[{"@type":"SearchAction","target":{"@type":"EntryPoint","urlTemplate":"https:\/\/www.tega.es\/ca\/?s={search_term_string}"},"query-input":{"@type":"PropertyValueSpecification","valueRequired":true,"valueName":"search_term_string"}}],"inLanguage":"ca"},{"@type":"Organization","@id":"https:\/\/www.tega.es\/ca\/#organization","name":"TEGA","url":"https:\/\/www.tega.es\/ca\/","logo":{"@type":"ImageObject","inLanguage":"ca","@id":"https:\/\/www.tega.es\/ca\/#\/schema\/logo\/image\/","url":"https:\/\/www.tega.es\/wp-content\/uploads\/2022\/02\/Logo_tega_ambiental.png","contentUrl":"https:\/\/www.tega.es\/wp-content\/uploads\/2022\/02\/Logo_tega_ambiental.png","width":521,"height":192,"caption":"TEGA"},"image":{"@id":"https:\/\/www.tega.es\/ca\/#\/schema\/logo\/image\/"}}]}},"_links":{"self":[{"href":"https:\/\/www.tega.es\/ca\/wp-json\/wp\/v2\/pages\/106266","targetHints":{"allow":["GET"]}}],"collection":[{"href":"https:\/\/www.tega.es\/ca\/wp-json\/wp\/v2\/pages"}],"about":[{"href":"https:\/\/www.tega.es\/ca\/wp-json\/wp\/v2\/types\/page"}],"author":[{"embeddable":true,"href":"https:\/\/www.tega.es\/ca\/wp-json\/wp\/v2\/users\/2"}],"replies":[{"embeddable":true,"href":"https:\/\/www.tega.es\/ca\/wp-json\/wp\/v2\/comments?post=106266"}],"version-history":[{"count":2,"href":"https:\/\/www.tega.es\/ca\/wp-json\/wp\/v2\/pages\/106266\/revisions"}],"predecessor-version":[{"id":106268,"href":"https:\/\/www.tega.es\/ca\/wp-json\/wp\/v2\/pages\/106266\/revisions\/106268"}],"up":[{"embeddable":true,"href":"https:\/\/www.tega.es\/ca\/wp-json\/wp\/v2\/pages\/106257"}],"wp:attachment":[{"href":"https:\/\/www.tega.es\/ca\/wp-json\/wp\/v2\/media?parent=106266"}],"curies":[{"name":"wp","href":"https:\/\/api.w.org\/{rel}","templated":true}]}}